{"id":17,"date":"2020-04-29T07:11:39","date_gmt":"2020-04-29T07:11:39","guid":{"rendered":"http:\/\/ejpwitec.com\/?page_id=17"},"modified":"2020-10-09T07:17:49","modified_gmt":"2020-10-09T07:17:49","slug":"impressum","status":"publish","type":"page","link":"https:\/\/ejpwire.com\/pt\/impressao","title":{"rendered":"Impress\u00e3o"},"content":{"rendered":"<div data-elementor-type=\"wp-page\" data-elementor-id=\"17\" class=\"elementor elementor-17\" data-elementor-post-type=\"page\">\n\t\t\t\t\t\t<section class=\"elementor-section elementor-top-section elementor-element elementor-element-10dc3c78 elementor-section-boxed elementor-section-height-default elementor-section-height-default\" data-id=\"10dc3c78\" data-element_type=\"section\">\n\t\t\t\t\t\t<div class=\"elementor-container elementor-column-gap-default\">\n\t\t\t\t\t<div class=\"elementor-column elementor-col-100 elementor-top-column elementor-element elementor-element-366c42dd\" data-id=\"366c42dd\" data-element_type=\"column\">\n\t\t\t<div class=\"elementor-widget-wrap elementor-element-populated\">\n\t\t\t\t\t\t<div class=\"elementor-element elementor-element-5512701b elementor-widget elementor-widget-text-editor\" data-id=\"5512701b\" data-element_type=\"widget\" data-widget_type=\"text-editor.default\">\n\t\t\t\t<div class=\"elementor-widget-container\">\n\t\t\t\t\t\t\t\t\t<h1>Impress\u00e3o<\/h1><h2>Informa\u00e7\u00f5es de acordo com o \u00a7 5 TMG<\/h2><p>\u00a0<\/p><p><strong>EJP WIRE Technology GmbH <\/strong><br \/>Lohbachstr. 12<br \/>58239 Schwerte<\/p><p>Registo comercial: HRB11539<br \/>Tribunal de registo: Tribunal local de Hagen<\/p><p><strong>Representado por:<\/strong><br \/>Lothar K\u00f6ppen<\/p><h2>Contacto<\/h2><p>Telefone: (0) 2304 338960<br \/>Fax: (0) 2304 3389610<br \/>Correio eletr\u00f3nico: info(at)ejpwire.com<\/p><h2>N\u00daMERO DE IVA<\/h2><p>N\u00famero de identifica\u00e7\u00e3o fiscal de acordo com o \u00a7 27 a da lei alem\u00e3 relativa ao imposto sobre vendas:<br \/>DE815856571<\/p><h2>N\u00famero de identifica\u00e7\u00e3o da empresa<\/h2><p>316\/5720\/1314<\/p><h2>Respons\u00e1vel pelo conte\u00fado de acordo com o \u00a7 55 para. 2 RStV<\/h2><p>Lothar K\u00f6ppen<\/p><h2>Resolu\u00e7\u00e3o de lit\u00edgios na UE<\/h2><p>A Comiss\u00e3o Europeia disponibiliza uma plataforma para a resolu\u00e7\u00e3o de lit\u00edgios em linha (RLL): <a href=\"https:\/\/ec.europa.eu\/consumers\/odr\" target=\"_blank\" rel=\"noopener noreferrer\">https:\/\/ec.europa.eu\/consumers\/odr<\/a>.<br \/>Pode encontrar o nosso endere\u00e7o eletr\u00f3nico na impress\u00e3o acima.<\/p><h2>Resolu\u00e7\u00e3o de lit\u00edgios de consumo\/C\u00e2mara de Arbitragem Universal<\/h2><p>N\u00e3o estamos dispostos ou obrigados a participar em processos de resolu\u00e7\u00e3o de lit\u00edgios perante uma comiss\u00e3o de arbitragem de consumidores.<\/p><h3>Responsabilidade pelo conte\u00fado<\/h3><p>Como prestador de servi\u00e7os, somos respons\u00e1veis pelo nosso pr\u00f3prio conte\u00fado nestas p\u00e1ginas, de acordo com a legisla\u00e7\u00e3o geral, nos termos do \u00a7 7 (1) da Lei Alem\u00e3 de Telem\u00e9dia (TMG). No entanto, de acordo com os \u00a7\u00a7 8 a 10 da TMG, n\u00e3o somos obrigados, enquanto prestadores de servi\u00e7os, a monitorizar informa\u00e7\u00f5es transmitidas ou armazenadas de terceiros ou a investigar circunst\u00e2ncias que indiquem atividade ilegal.<\/p><p>As obriga\u00e7\u00f5es de remover ou bloquear a utiliza\u00e7\u00e3o de informa\u00e7\u00f5es, de acordo com as leis gerais, n\u00e3o s\u00e3o afectadas por este facto. No entanto, a responsabilidade a este respeito s\u00f3 \u00e9 poss\u00edvel a partir do momento em que se tem conhecimento de uma infra\u00e7\u00e3o concreta. Se tivermos conhecimento de tais infrac\u00e7\u00f5es, removeremos imediatamente esse conte\u00fado.<\/p><h3>Responsabilidade pelas liga\u00e7\u00f5es<\/h3><p>A nossa oferta cont\u00e9m liga\u00e7\u00f5es para s\u00edtios Web externos de terceiros, sobre cujos conte\u00fados n\u00e3o temos qualquer influ\u00eancia. Por conseguinte, n\u00e3o podemos assumir qualquer responsabilidade por estes conte\u00fados externos. O respetivo fornecedor ou operador das p\u00e1ginas \u00e9 sempre respons\u00e1vel pelo conte\u00fado das p\u00e1ginas ligadas. No momento da liga\u00e7\u00e3o, as p\u00e1ginas ligadas foram verificadas quanto a poss\u00edveis viola\u00e7\u00f5es da lei. N\u00e3o foram detectados conte\u00fados ilegais no momento da liga\u00e7\u00e3o.<\/p><p>No entanto, um controlo permanente do conte\u00fado das p\u00e1ginas ligadas n\u00e3o \u00e9 razo\u00e1vel sem provas concretas de uma viola\u00e7\u00e3o da lei. Se tivermos conhecimento de quaisquer infrac\u00e7\u00f5es \u00e0 lei, removeremos imediatamente essas liga\u00e7\u00f5es.<\/p><h3>Direitos de autor<\/h3><p>Os conte\u00fados e trabalhos criados pelos operadores do s\u00edtio nestas p\u00e1ginas est\u00e3o sujeitos \u00e0 lei alem\u00e3 dos direitos de autor. A duplica\u00e7\u00e3o, processamento, distribui\u00e7\u00e3o e qualquer tipo de explora\u00e7\u00e3o fora dos limites da lei de direitos de autor requerem o consentimento escrito do respetivo autor ou criador. Os downloads e c\u00f3pias deste s\u00edtio s\u00f3 s\u00e3o permitidos para uso privado e n\u00e3o comercial.<\/p><p>Na medida em que o conte\u00fado desta p\u00e1gina n\u00e3o foi criado pelo operador, os direitos de autor de terceiros s\u00e3o respeitados. Em particular, os conte\u00fados de terceiros s\u00e3o identificados como tal. Se, no entanto, tiver conhecimento de uma infra\u00e7\u00e3o aos direitos de autor, informe-nos em conformidade. Se tivermos conhecimento de quaisquer infrac\u00e7\u00f5es, removeremos imediatamente esses conte\u00fados.<\/p>\t\t\t\t\t\t\t\t<\/div>\n\t\t\t\t<\/div>\n\t\t\t\t\t<\/div>\n\t\t<\/div>\n\t\t\t\t\t<\/div>\n\t\t<\/section>\n\t\t\t\t<\/div>","protected":false},"excerpt":{"rendered":"<p>Impresso Informa\u00e7\u00f5es de acordo com o \u00a7 5 TMG EJP WIRE Technology GmbH Lohbachstr. 1258239 Schwerte Registo Comercial: HRB11539Tribunal de registo: Tribunal local de Hagen Representado por:Lothar K\u00f6ppen Contacto Telefone: (0) 2304 338960Telefax: (0) 2304 3389610E-Mail: info(at)ejpwire.com VAT ID N\u00famero de identifica\u00e7\u00e3o de IVA de acordo com \u00a7 27 a Umsatzsteuergesetz:DE815856571 N\u00famero de identifica\u00e7\u00e3o comercial 316\/5720\/1314 Respons\u00e1vel pelo conte\u00fado de acordo com \u00a7 55 para. 2 RStV Lothar K\u00f6ppen Resolu\u00e7\u00e3o de lit\u00edgios UE A Comiss\u00e3o Europeia [...]<\/p>","protected":false},"author":1,"featured_media":0,"parent":0,"menu_order":0,"comment_status":"closed","ping_status":"closed","template":"elementor_header_footer","meta":{"footnotes":""},"class_list":["post-17","page","type-page","status-publish","hentry"],"_links":{"self":[{"href":"https:\/\/ejpwire.com\/pt\/wp-json\/wp\/v2\/pages\/17","targetHints":{"allow":["GET"]}}],"collection":[{"href":"https:\/\/ejpwire.com\/pt\/wp-json\/wp\/v2\/pages"}],"about":[{"href":"https:\/\/ejpwire.com\/pt\/wp-json\/wp\/v2\/types\/page"}],"author":[{"embeddable":true,"href":"https:\/\/ejpwire.com\/pt\/wp-json\/wp\/v2\/users\/1"}],"replies":[{"embeddable":true,"href":"https:\/\/ejpwire.com\/pt\/wp-json\/wp\/v2\/comments?post=17"}],"version-history":[{"count":11,"href":"https:\/\/ejpwire.com\/pt\/wp-json\/wp\/v2\/pages\/17\/revisions"}],"predecessor-version":[{"id":781,"href":"https:\/\/ejpwire.com\/pt\/wp-json\/wp\/v2\/pages\/17\/revisions\/781"}],"wp:attachment":[{"href":"https:\/\/ejpwire.com\/pt\/wp-json\/wp\/v2\/media?parent=17"}],"curies":[{"name":"wp","href":"https:\/\/api.w.org\/{rel}","templated":true}]}}